{"id":2985,"date":"2018-12-20T21:16:34","date_gmt":"2018-12-20T20:16:34","guid":{"rendered":"https:\/\/wheels2rent.de\/test\/?page_id=2985"},"modified":"2020-01-16T14:17:13","modified_gmt":"2020-01-16T13:17:13","slug":"unsere-marke-im-radsport","status":"publish","type":"page","link":"https:\/\/wheels2rent.de\/en\/unsere-marke-im-radsport\/","title":{"rendered":"die Marke HEUER"},"content":{"rendered":"<div class=\"vc_row wpb_row vc_row-fluid\"><div class=\"wpb_column vc_column_container vc_col-sm-12\"><div class=\"vc_column-inner\"><div class=\"wpb_wrapper\">\n\t<div class=\"wpb_text_column wpb_content_element\" >\n\t\t<div class=\"wpb_wrapper\">\n\t\t\t<p>HEUER Radsport ist aus der Betriebssportgruppe der <a title=\"Heuer Pr\u00e4zisionsteile GmbH \" href=\"https:\/\/www.h-pt.eu\" target=\"_blank\" rel=\"noopener noreferrer\">Heuer Pr\u00e4zisionsteile GmbH<\/a> entstanden. Radfahren ist Ausgleich und Leidenschaft zugleich. Gemeinsam nehmen wir an verschiedenen Events in ganz Deutschland teil. Traditionell fahren wir jedes Jahr den Bodenseemarathon. Bereits im Herbst 2016 testeten wir unsere ersten selbst hergestellten Radnaben in selbst eingespeichten Laufr\u00e4dern. Das war f\u00fcr uns ein tolles Gef\u00fchl. Es machte richtig Spa\u00df diesen Leichtlauf und die Geschwindigkeit alleine beim Rollen zu erleben. Wir rollten sensationell mit. <span class=\"text_exposed_show\">Das war der Startschuss f\u00fcr die konsequente Weiterentwicklung der Fahrradnaben.<\/span><\/p>\n<p>Wir lernten Jochen Dornbusch kennen. Damals war er Landestrainer beim Landesverband Baden und trainierte den weiblichen Nachwuchs. Er brachte uns damals mit Joachim Eilers zusammen. Gemeinsam entwickelten wir unsere ersten Bahnradnaben. Klassisch Aluminium poliert, pr\u00e4zise gefertigt und mit neuen verg\u00fcteten Stahlachsen.<\/p>\n\n\t\t<\/div>\n\t<\/div>\n<\/div><\/div><\/div><\/div><div class=\"vc_row wpb_row vc_row-fluid\"><div class=\"wpb_column vc_column_container vc_col-sm-6\"><div class=\"vc_column-inner\"><div class=\"wpb_wrapper\">\n\t<div class=\"wpb_text_column wpb_content_element\" >\n\t\t<div class=\"wpb_wrapper\">\n\t\t\t<div class=\"youtube-container-100\"><div class=\"BorlabsCookie\"><div class=\"_brlbs-content-blocker\"> <div class=\"_brlbs-embed _brlbs-video-youtube\"> <img class=\"_brlbs-thumbnail\" src=\"https:\/\/wheels2rent.de\/test\/wp-content\/plugins\/borlabs-cookie\/images\/cb-no-thumbnail.png\" alt=\"YouTube\"> <div class=\"_brlbs-caption\"> <p>Mit dem Laden des Videos akzeptieren Sie die Datenschutzerkl\u00e4rung von YouTube.<br><a href=\"https:\/\/policies.google.com\/privacy\" target=\"_blank\" rel=\"nofollow\">Mehr erfahren<\/a><\/p> <p><a class=\"_brlbs-btn _brlbs-icon-play-white\" href=\"#\" data-borlabs-cookie-unblock role=\"button\">Video laden<\/a><\/p> <p><label><input type=\"checkbox\" name=\"unblockAll\" value=\"1\" checked> <small>YouTube immer entsperren<\/small><\/label><\/p> <\/div> <\/div> <\/div><div class=\"borlabs-hide\" data-borlabs-cookie-type=\"content-blocker\" data-borlabs-cookie-id=\"youtube\"><script type=\"text\/template\">PGlmcmFtZSBsb2FkaW5nPSJsYXp5IiBzcmM9Imh0dHBzOi8vd3d3LnlvdXR1YmUtbm9jb29raWUuY29tL2VtYmVkL3EzWE92OFdQeUFFP3JlbD0wIiB3aWR0aD0iNDAwIiBoZWlnaHQ9IjIyNSIgYWxsb3dmdWxsc2NyZWVuPSJhbGxvd2Z1bGxzY3JlZW4iIGRhdGEtbWNlLWZyYWdtZW50PSIxIj48L2lmcmFtZT4=<\/script><\/div><\/div><\/div>\n\n\t\t<\/div>\n\t<\/div>\n<\/div><\/div><\/div><div class=\"wpb_column vc_column_container vc_col-sm-6\"><div class=\"vc_column-inner\"><div class=\"wpb_wrapper\">\n\t<div class=\"wpb_text_column wpb_content_element\" >\n\t\t<div class=\"wpb_wrapper\">\n\t\t\t<p>Im Fr\u00fchjahr 2017 testeten Katie Archibald und Joachim Eilers unsere ersten Bahnradnaben in gespeichten Carbon-Laufr\u00e4dern mit 80mm Flanke im Training. Was wir zun\u00e4chst eher als<span class=\"text_exposed_show\"> Hobby betrieben, entwickelten wir nach der positive R\u00fcckmeldung beider Sportler in den letzten Jahren\u00a0nach und nach zu einem echten Spitzenprodukt. HEUER Bahnradnaben sind zur Marke geworden. Auf die Qualit\u00e4t vertrauen mittlerweile auch viele andere Leistungssportler. Heute fahren\u00a0wir unsere eigenen Carbon Aero-Laufr\u00e4der mit dem\u00a0Heuer-Logo voller\u00a0Stolz\u00a0und bieten\u00a0sie ambitionierten Rennradfahrern als hochwertiges Zubeh\u00f6r an. <\/span><\/p>\n\n\t\t<\/div>\n\t<\/div>\n<\/div><\/div><\/div><\/div><div class=\"vc_row wpb_row vc_row-fluid\"><div class=\"wpb_column vc_column_container vc_col-sm-12\"><div class=\"vc_column-inner\"><div class=\"wpb_wrapper\">\n\t<div class=\"wpb_text_column wpb_content_element\" >\n\t\t<div class=\"wpb_wrapper\">\n\t\t\t<p>Im Jahr 2017 wurden die ersten Bahnlaufr\u00e4der von den Kaderathleten im Juniorenbereich in Baden-W\u00fcrttemberg gefahren. Durch den engen Kontakt mit Jochen Dornbusch konnten wir die ersten Prototypen weiter perfektionieren. <span class=\"text_exposed_show\">Auf unseren CNC-Maschinen in der Heuer Pr\u00e4zisionsteile GmbH werden alle Dreh- und Fr\u00e4steile der Fahrradnaben mit der im Maschinenbau \u00fcblichen Qualit\u00e4t hergestellt. Die Fa. <a href=\"https:\/\/www.wnt.com\/de\/aktuelles\/jedes-laufrad-von-heuer-ein-unikat-1773.html\">WNT Deutschland GmbH<\/a>, heute Cerazitit Group hat uns bei der Werkzeugentwicklung ma\u00dfgeblich unterst\u00fctzt, damit wir die Bahnradnaben nach unseren Vorstellungen bearbeiten konnten. Diese Spezialwerkzeuge stellten wir in Zusammenarbeit mit WNT her. Diese M\u00fche hat sich gelohnt, denn mit dem Ergebnis setzen wir Ma\u00dfst\u00e4be. <\/span><\/p>\n\n\t\t<\/div>\n\t<\/div>\n<\/div><\/div><\/div><\/div><div class=\"vc_row wpb_row vc_row-fluid\"><div class=\"wpb_column vc_column_container vc_col-sm-12\"><div class=\"vc_column-inner\"><div class=\"wpb_wrapper\">\n\t<div class=\"wpb_text_column wpb_content_element\" >\n\t\t<div class=\"wpb_wrapper\">\n\t\t\t<p><span class=\"text_exposed_show\">Unsere ersten Bahnlaufr\u00e4der testeten wir im Fr\u00fchrjahr. Im Sp\u00e4therbst stellten wir dann die 5-Spoke und das Scheibenrad f\u00fcr die Bahn vor. Robert F\u00f6rstemann hat den ersten Satz im Rahmen der Six-Days in Berlin das erste mal getestet. Er ist immer noch begeistert von diesem Laufradsatz.<br \/>\n<\/span><\/p>\n<p><span class=\"text_exposed_show\">Auf unseren CNC-Maschinen werden alle Dreh- und Fr\u00e4steile bei uns im Haus in der\u00a0f\u00fcr die Heuer Pr\u00e4zisionsteile GmbH \u00fcblichen Qualit\u00e4t nach hergestellt. Radfahrern liefern wir so die selbe Qualit\u00e4t und Pr\u00e4zision, die\u00a0auch unsere Kunden aus <\/span><span class=\"text_exposed_show\">der Industrie <\/span><span class=\"text_exposed_show\">und dem Maschinenbau seit vielen Jahren erwarten k\u00f6nnen. <\/span><\/p>\n<p><span class=\"text_exposed_show\">Unser <a title=\"WNT Zerspanungswerkzeuge\" href=\"https:\/\/www.wnt.com\/de.html\" target=\"_blank\" rel=\"noopener noreferrer\">Werkzeuglieferant WNT<\/a>, selbst ein engagierter F\u00f6rderer des Radsports, hat unsere junge Laufrad-Produktion in einem kleinen Video dokumentiert.<\/span><\/p>\n\n\t\t<\/div>\n\t<\/div>\n<\/div><\/div><\/div><\/div><div class=\"vc_row wpb_row vc_row-fluid\"><div class=\"wpb_column vc_column_container vc_col-sm-6\"><div class=\"vc_column-inner\"><div class=\"wpb_wrapper\">\n\t<div class=\"wpb_text_column wpb_content_element\" >\n\t\t<div class=\"wpb_wrapper\">\n\t\t\t<div class=\"youtube-container-100\"><div class=\"BorlabsCookie\"><div class=\"_brlbs-content-blocker\"> <div class=\"_brlbs-embed _brlbs-video-youtube\"> <img class=\"_brlbs-thumbnail\" src=\"https:\/\/wheels2rent.de\/test\/wp-content\/plugins\/borlabs-cookie\/images\/cb-no-thumbnail.png\" alt=\"YouTube\"> <div class=\"_brlbs-caption\"> <p>Mit dem Laden des Videos akzeptieren Sie die Datenschutzerkl\u00e4rung von YouTube.<br><a href=\"https:\/\/policies.google.com\/privacy\" target=\"_blank\" rel=\"nofollow\">Mehr erfahren<\/a><\/p> <p><a class=\"_brlbs-btn _brlbs-icon-play-white\" href=\"#\" data-borlabs-cookie-unblock role=\"button\">Video laden<\/a><\/p> <p><label><input type=\"checkbox\" name=\"unblockAll\" value=\"1\" checked> <small>YouTube immer entsperren<\/small><\/label><\/p> <\/div> <\/div> <\/div><div class=\"borlabs-hide\" data-borlabs-cookie-type=\"content-blocker\" data-borlabs-cookie-id=\"youtube\"><script type=\"text\/template\">PGlmcmFtZSBsb2FkaW5nPSJsYXp5IiBzcmM9Imh0dHBzOi8vd3d3LnlvdXR1YmUtbm9jb29raWUuY29tL2VtYmVkL0ZTQWtwdXJOeWprP3JlbD0wIiB3aWR0aD0iNDAwIiBoZWlnaHQ9IjIyNSIgZnJhbWVib3JkZXI9IjAiIGFsbG93ZnVsbHNjcmVlbj0iYWxsb3dmdWxsc2NyZWVuIiBkYXRhLW1jZS1mcmFnbWVudD0iMSI+PC9pZnJhbWU+<\/script><\/div><\/div><\/div>\n\n\t\t<\/div>\n\t<\/div>\n<\/div><\/div><\/div><div class=\"wpb_column vc_column_container vc_col-sm-6\"><div class=\"vc_column-inner\"><div class=\"wpb_wrapper\">\n\t<div class=\"wpb_text_column wpb_content_element\" >\n\t\t<div class=\"wpb_wrapper\">\n\t\t\t<p><strong>Pr\u00e4zisions-Laufr\u00e4der f\u00fcr ambitionierte Sportler<\/strong><\/p>\n<p>Die Lagersitze, Passungen und alle anderen Teile der Radnaben werden einzeln nach geltenden Industriestandards hergestellt. Unsere Erfahrungen, etwa in der Herstellung hochpr\u00e4ziser Spindelantrieben bilden dabei die Basis f\u00fcr eine wirklich leicht drehende Rennrad-, Bahn- oder Fixed-Nabe. Die Abdichtungen der Lager passen wir an die Anforderungen der Naben an.<\/p>\n<p><strong>Unser Anspruch:<\/strong><\/p>\n<p>Heuer Radsport: Wir wollen neue Ma\u00dfst\u00e4be im Rennsport in Pr\u00e4zision, Leichtlauf und Qualit\u00e4t setzen. Und f\u00fcr uns ist entscheidend, dass dies nachhaltig und m\u00f6glichst umweltgerecht geschieht. Deshalb setzen wir auch auf uns bekannte Lieferanten in der Region.<\/p>\n\n\t\t<\/div>\n\t<\/div>\n<\/div><\/div><\/div><\/div><div class=\"vc_row wpb_row vc_row-fluid\"><div class=\"wpb_column vc_column_container vc_col-sm-12\"><div class=\"vc_column-inner\"><div class=\"wpb_wrapper\">\n\t<div class=\"wpb_text_column wpb_content_element\" >\n\t\t<div class=\"wpb_wrapper\">\n\t\t\t<p>Und die Erfolge der Sportler, die uns das Vertrauen schenken sind bereits nach einem Jahr beachtlich! Auf der Radrennbahn in Dudenhofen bei der Deutschen Meisterschaft haben Sportler in 17 Disziplinen mit HEUER-Laufr\u00e4dern Medaillen gewonnen. HEUER Radsport ist im Bahnradsport als Marke angekommen.<br \/>\nHier ein paar Impressionen von der Deutschen Meisterschaften 2018 in Dudenhofen.<\/p>\n\n\t\t<\/div>\n\t<\/div>\n<\/div><\/div><\/div><\/div><div class=\"vc_row wpb_row vc_row-fluid\"><div class=\"wpb_column vc_column_container vc_col-sm-12\"><div class=\"vc_column-inner\"><div class=\"wpb_wrapper\"><div class=\"wpb_gallery wpb_content_element vc_clearfix\" ><div class=\"wpb_wrapper\"><div class=\"wpb_gallery_slides wpb_image_grid\" data-interval=\"3\"><ul class=\"wpb_image_grid_ul\"><li class=\"isotope-item\"><a class=\"prettyphoto\" href=\"https:\/\/wheels2rent.de\/test\/wp-content\/uploads\/2019\/01\/DM01-1024x768.jpg\" data-rel=\"prettyPhoto[rel-2985-1902215080]\"><img class=\"\" src=\"https:\/\/wheels2rent.de\/test\/wp-content\/uploads\/2019\/01\/DM01-165x165.jpg\" width=\"165\" height=\"165\" alt=\"Katharina Hechler ist Deutsche Meisterin 2018\" title=\"DM01\" \/><\/a><\/li><li class=\"isotope-item\"><a class=\"prettyphoto\" href=\"https:\/\/wheels2rent.de\/test\/wp-content\/uploads\/2019\/01\/DM02-1024x768.jpg\" data-rel=\"prettyPhoto[rel-2985-1902215080]\"><img class=\"\" src=\"https:\/\/wheels2rent.de\/test\/wp-content\/uploads\/2019\/01\/DM02-165x165.jpg\" width=\"165\" height=\"165\" alt=\"Kelvin Dik\" title=\"DM02\" \/><\/a><\/li><li class=\"isotope-item\"><a class=\"prettyphoto\" href=\"https:\/\/wheels2rent.de\/test\/wp-content\/uploads\/2019\/01\/DM03-1024x768.jpg\" data-rel=\"prettyPhoto[rel-2985-1902215080]\"><img class=\"\" src=\"https:\/\/wheels2rent.de\/test\/wp-content\/uploads\/2019\/01\/DM03-165x165.jpg\" width=\"165\" height=\"165\" alt=\"Kelvin Dik ist Deutscher Meister 2018\" title=\"DM03\" \/><\/a><\/li><li class=\"isotope-item\"><a class=\"prettyphoto\" href=\"https:\/\/wheels2rent.de\/test\/wp-content\/uploads\/2019\/01\/DM04-1024x768.jpg\" data-rel=\"prettyPhoto[rel-2985-1902215080]\"><img class=\"\" src=\"https:\/\/wheels2rent.de\/test\/wp-content\/uploads\/2019\/01\/DM04-165x165.jpg\" width=\"165\" height=\"165\" alt=\"DM04\" title=\"DM04\" \/><\/a><\/li><li class=\"isotope-item\"><a class=\"prettyphoto\" href=\"https:\/\/wheels2rent.de\/test\/wp-content\/uploads\/2019\/01\/DM05-1024x768.jpg\" data-rel=\"prettyPhoto[rel-2985-1902215080]\"><img class=\"\" src=\"https:\/\/wheels2rent.de\/test\/wp-content\/uploads\/2019\/01\/DM05-165x165.jpg\" width=\"165\" height=\"165\" alt=\"Kelin Dik bei der Deutschen Meisterschaft. #staystrongkristina\" title=\"DM05\" \/><\/a><\/li><li class=\"isotope-item\"><a class=\"prettyphoto\" href=\"https:\/\/wheels2rent.de\/test\/wp-content\/uploads\/2019\/01\/DM06-1024x768.jpg\" data-rel=\"prettyPhoto[rel-2985-1902215080]\"><img class=\"\" src=\"https:\/\/wheels2rent.de\/test\/wp-content\/uploads\/2019\/01\/DM06-165x165.jpg\" width=\"165\" height=\"165\" alt=\"TeamSprint M\u00e4nner Silber mit Joachim Eilers\" title=\"DM06\" \/><\/a><\/li><li class=\"isotope-item\"><a class=\"prettyphoto\" href=\"https:\/\/wheels2rent.de\/test\/wp-content\/uploads\/2019\/01\/DM07-1024x768.jpg\" data-rel=\"prettyPhoto[rel-2985-1902215080]\"><img class=\"\" src=\"https:\/\/wheels2rent.de\/test\/wp-content\/uploads\/2019\/01\/DM07-165x165.jpg\" width=\"165\" height=\"165\" alt=\"DM07\" title=\"DM07\" \/><\/a><\/li><li class=\"isotope-item\"><a class=\"prettyphoto\" href=\"https:\/\/wheels2rent.de\/test\/wp-content\/uploads\/2019\/01\/DM08-1024x768.jpg\" data-rel=\"prettyPhoto[rel-2985-1902215080]\"><img class=\"\" src=\"https:\/\/wheels2rent.de\/test\/wp-content\/uploads\/2019\/01\/DM08-165x165.jpg\" width=\"165\" height=\"165\" alt=\"Deutsche Meister im Madisaon Kelvin Dik und Nils Weispfennig\" title=\"DM08\" \/><\/a><\/li><li class=\"isotope-item\"><a class=\"prettyphoto\" href=\"https:\/\/wheels2rent.de\/test\/wp-content\/uploads\/2019\/01\/DM09-1024x768.jpg\" data-rel=\"prettyPhoto[rel-2985-1902215080]\"><img class=\"\" src=\"https:\/\/wheels2rent.de\/test\/wp-content\/uploads\/2019\/01\/DM09-165x165.jpg\" width=\"165\" height=\"165\" alt=\"Robert F\u00f6rstemann im Sprint Bronze bei der Deutschen Meisterschaft 2018\" title=\"DM09\" \/><\/a><\/li><li class=\"isotope-item\"><a class=\"prettyphoto\" href=\"https:\/\/wheels2rent.de\/test\/wp-content\/uploads\/2019\/01\/DM10-1024x768.jpg\" data-rel=\"prettyPhoto[rel-2985-1902215080]\"><img class=\"\" src=\"https:\/\/wheels2rent.de\/test\/wp-content\/uploads\/2019\/01\/DM10-165x165.jpg\" width=\"165\" height=\"165\" alt=\"DM10\" title=\"DM10\" \/><\/a><\/li><li class=\"isotope-item\"><a class=\"prettyphoto\" href=\"https:\/\/wheels2rent.de\/test\/wp-content\/uploads\/2019\/01\/DM11-1024x768.jpg\" data-rel=\"prettyPhoto[rel-2985-1902215080]\"><img class=\"\" src=\"https:\/\/wheels2rent.de\/test\/wp-content\/uploads\/2019\/01\/DM11-165x165.jpg\" width=\"165\" height=\"165\" alt=\"DM11\" title=\"DM11\" \/><\/a><\/li><li class=\"isotope-item\"><a class=\"prettyphoto\" href=\"https:\/\/wheels2rent.de\/test\/wp-content\/uploads\/2019\/01\/DM12-1024x768.jpg\" data-rel=\"prettyPhoto[rel-2985-1902215080]\"><img class=\"\" src=\"https:\/\/wheels2rent.de\/test\/wp-content\/uploads\/2019\/01\/DM12-165x165.jpg\" width=\"165\" height=\"165\" alt=\"DM12\" title=\"DM12\" \/><\/a><\/li><li class=\"isotope-item\"><a class=\"prettyphoto\" href=\"https:\/\/wheels2rent.de\/test\/wp-content\/uploads\/2019\/01\/DM13-1024x768.jpg\" data-rel=\"prettyPhoto[rel-2985-1902215080]\"><img class=\"\" src=\"https:\/\/wheels2rent.de\/test\/wp-content\/uploads\/2019\/01\/DM13-165x165.jpg\" width=\"165\" height=\"165\" alt=\"Jochen Dornbusch bei der Rennanalyse\" title=\"DM13\" \/><\/a><\/li><li class=\"isotope-item\"><a class=\"prettyphoto\" href=\"https:\/\/wheels2rent.de\/test\/wp-content\/uploads\/2019\/01\/DM14-1024x768.jpg\" data-rel=\"prettyPhoto[rel-2985-1902215080]\"><img class=\"\" src=\"https:\/\/wheels2rent.de\/test\/wp-content\/uploads\/2019\/01\/DM14-165x165.jpg\" width=\"165\" height=\"165\" alt=\"Shop - Joachim Eilers auf Siberkurs\" title=\"Shop mit Joachim Eilers\" \/><\/a><\/li><li class=\"isotope-item\"><a class=\"prettyphoto\" href=\"https:\/\/wheels2rent.de\/test\/wp-content\/uploads\/2019\/01\/DM15-1024x768.jpg\" data-rel=\"prettyPhoto[rel-2985-1902215080]\"><img class=\"\" src=\"https:\/\/wheels2rent.de\/test\/wp-content\/uploads\/2019\/01\/DM15-165x165.jpg\" width=\"165\" height=\"165\" alt=\"DM15\" title=\"DM15\" \/><\/a><\/li><li class=\"isotope-item\"><a class=\"prettyphoto\" href=\"https:\/\/wheels2rent.de\/test\/wp-content\/uploads\/2019\/01\/DM16-1024x768.jpg\" data-rel=\"prettyPhoto[rel-2985-1902215080]\"><img class=\"\" src=\"https:\/\/wheels2rent.de\/test\/wp-content\/uploads\/2019\/01\/DM16-165x165.jpg\" width=\"165\" height=\"165\" alt=\"DM16\" title=\"DM16\" \/><\/a><\/li><li class=\"isotope-item\"><a class=\"prettyphoto\" href=\"https:\/\/wheels2rent.de\/test\/wp-content\/uploads\/2019\/01\/DM17-1024x768.jpg\" data-rel=\"prettyPhoto[rel-2985-1902215080]\"><img class=\"\" src=\"https:\/\/wheels2rent.de\/test\/wp-content\/uploads\/2019\/01\/DM17-165x165.jpg\" width=\"165\" height=\"165\" alt=\"DM17\" title=\"DM17\" \/><\/a><\/li><li class=\"isotope-item\"><a class=\"prettyphoto\" href=\"https:\/\/wheels2rent.de\/test\/wp-content\/uploads\/2019\/01\/DM18-1024x768.jpg\" data-rel=\"prettyPhoto[rel-2985-1902215080]\"><img class=\"\" src=\"https:\/\/wheels2rent.de\/test\/wp-content\/uploads\/2019\/01\/DM18-165x165.jpg\" width=\"165\" height=\"165\" alt=\"Robert F\u00f6rstemann mit HEUER Scheibenlaufrad und 5-Spoke\" title=\"DM18\" \/><\/a><\/li><li class=\"isotope-item\"><a class=\"prettyphoto\" href=\"https:\/\/wheels2rent.de\/test\/wp-content\/uploads\/2019\/01\/DM19-1024x768.jpg\" data-rel=\"prettyPhoto[rel-2985-1902215080]\"><img class=\"\" src=\"https:\/\/wheels2rent.de\/test\/wp-content\/uploads\/2019\/01\/DM19-165x165.jpg\" width=\"165\" height=\"165\" alt=\"Robert F\u00f6rstemann mit HEUER Laufr\u00e4dern\" title=\"DM19\" \/><\/a><\/li><li class=\"isotope-item\"><a class=\"prettyphoto\" href=\"https:\/\/wheels2rent.de\/test\/wp-content\/uploads\/2019\/01\/DM20-1024x768.jpg\" data-rel=\"prettyPhoto[rel-2985-1902215080]\"><img class=\"\" src=\"https:\/\/wheels2rent.de\/test\/wp-content\/uploads\/2019\/01\/DM20-165x165.jpg\" width=\"165\" height=\"165\" alt=\"Robert F\u00f6rstemann Bronze bei der Deutschen Meisterschaft im Sprint auf HEUER Laufr\u00e4sern\" title=\"DM20\" \/><\/a><\/li><\/ul><\/div><\/div><\/div><\/div><\/div><\/div><\/div>","protected":false},"excerpt":{"rendered":"HEUER Radsport ist aus der Betriebssportgruppe der Heuer Pr\u00e4zisionsteile GmbH entstanden. Radfahren ist Ausgleich und Leidenschaft zugleich. Gemeinsam nehmen wir an verschiedenen Events in ganz Deutschland teil. Traditionell fahren wir jedes Jahr den Bodenseemarathon. Bereits im Herbst 2016 testeten wir unsere ersten selbst hergestellten Radnaben in selbst eingespeichten Laufr\u00e4dern. Das war f\u00fcr uns ein tolles [...]","protected":false},"author":3,"featured_media":4484,"parent":0,"menu_order":0,"comment_status":"closed","ping_status":"closed","template":"","meta":[],"yoast_head":"<!-- This site is optimized with the Yoast SEO plugin v17.5 - https:\/\/yoast.com\/wordpress\/plugins\/seo\/ -->\n<title>Heuer Radsport - Qualit\u00e4tsprodukte f\u00fcr den Radsport<\/title>\n<meta name=\"description\" content=\"Heuer Radsport - Wir setzen Ma\u00dfst\u00e4be im Rennsport in Pr\u00e4zision, Leichtlauf und Qualit\u00e4t. Und dies mit der Pr\u00e4misse der Nachhaltigkeit.\" \/>\n<meta name=\"robots\" content=\"index, follow, max-snippet:-1, max-image-preview:large, max-video-preview:-1\" \/>\n<link rel=\"canonical\" href=\"https:\/\/wheels2rent.de\/en\/unsere-marke-im-radsport\/\" \/>\n<meta property=\"og:locale\" content=\"en_GB\" \/>\n<meta property=\"og:type\" content=\"article\" \/>\n<meta property=\"og:title\" content=\"Heuer Radsport - Qualit\u00e4tsprodukte f\u00fcr den Radsport\" \/>\n<meta property=\"og:description\" content=\"Heuer Radsport - Wir setzen Ma\u00dfst\u00e4be im Rennsport in Pr\u00e4zision, Leichtlauf und Qualit\u00e4t. Und dies mit der Pr\u00e4misse der Nachhaltigkeit.\" \/>\n<meta property=\"og:url\" content=\"https:\/\/wheels2rent.de\/en\/unsere-marke-im-radsport\/\" \/>\n<meta property=\"og:site_name\" content=\"Wheels2rent\" \/>\n<meta property=\"article:publisher\" content=\"https:\/\/www.facebook.com\/HeuerRadsport\/\" \/>\n<meta property=\"article:modified_time\" content=\"2020-01-16T13:17:13+00:00\" \/>\n<meta property=\"og:image\" content=\"https:\/\/wheels2rent.de\/test\/wp-content\/uploads\/2019\/11\/heuer_Radsport_logo_512.jpg\" \/>\n\t<meta property=\"og:image:width\" content=\"512\" \/>\n\t<meta property=\"og:image:height\" content=\"512\" \/>\n<meta name=\"twitter:card\" content=\"summary_large_image\" \/>\n<meta name=\"twitter:site\" content=\"@radsport_heuer\" \/>\n<meta name=\"twitter:label1\" content=\"Estimated reading time\" \/>\n\t<meta name=\"twitter:data1\" content=\"4 minutes\" \/>\n<script type=\"application\/ld+json\" class=\"yoast-schema-graph\">{\"@context\":\"https:\/\/schema.org\",\"@graph\":[{\"@type\":\"Organization\",\"@id\":\"https:\/\/wheels2rent.de\/#organization\",\"name\":\"Heuer Radsport\",\"url\":\"https:\/\/wheels2rent.de\/\",\"sameAs\":[\"https:\/\/www.facebook.com\/HeuerRadsport\/\",\"https:\/\/www.instagram.com\/radsport_heuer\/\",\"https:\/\/www.youtube.com\/channel\/UCuFkVFhY376_zRGfw_0Oy-Q\",\"https:\/\/twitter.com\/radsport_heuer\"],\"logo\":{\"@type\":\"ImageObject\",\"@id\":\"https:\/\/wheels2rent.de\/#logo\",\"inLanguage\":\"en-GB\",\"url\":\"https:\/\/wheels2rent.de\/test\/wp-content\/uploads\/2019\/01\/logo2.jpg\",\"contentUrl\":\"https:\/\/wheels2rent.de\/test\/wp-content\/uploads\/2019\/01\/logo2.jpg\",\"width\":750,\"height\":186,\"caption\":\"Heuer Radsport\"},\"image\":{\"@id\":\"https:\/\/wheels2rent.de\/#logo\"}},{\"@type\":\"WebSite\",\"@id\":\"https:\/\/wheels2rent.de\/#website\",\"url\":\"https:\/\/wheels2rent.de\/\",\"name\":\"Heuer Radsport\",\"description\":\"Vollgas! oder einfach: Kette rechts\",\"publisher\":{\"@id\":\"https:\/\/wheels2rent.de\/#organization\"},\"potentialAction\":[{\"@type\":\"SearchAction\",\"target\":{\"@type\":\"EntryPoint\",\"urlTemplate\":\"https:\/\/wheels2rent.de\/?s={search_term_string}\"},\"query-input\":\"required name=search_term_string\"}],\"inLanguage\":\"en-GB\"},{\"@type\":\"ImageObject\",\"@id\":\"https:\/\/wheels2rent.de\/unsere-marke-im-radsport\/#primaryimage\",\"inLanguage\":\"en-GB\",\"url\":\"https:\/\/wheels2rent.de\/test\/wp-content\/uploads\/2019\/11\/heuer_Radsport_logo_512.jpg\",\"contentUrl\":\"https:\/\/wheels2rent.de\/test\/wp-content\/uploads\/2019\/11\/heuer_Radsport_logo_512.jpg\",\"width\":512,\"height\":512,\"caption\":\"HEUER Radsport\"},{\"@type\":\"WebPage\",\"@id\":\"https:\/\/wheels2rent.de\/unsere-marke-im-radsport\/#webpage\",\"url\":\"https:\/\/wheels2rent.de\/unsere-marke-im-radsport\/\",\"name\":\"Heuer Radsport - Qualit\\u00e4tsprodukte f\\u00fcr den Radsport\",\"isPartOf\":{\"@id\":\"https:\/\/wheels2rent.de\/#website\"},\"primaryImageOfPage\":{\"@id\":\"https:\/\/wheels2rent.de\/unsere-marke-im-radsport\/#primaryimage\"},\"datePublished\":\"2018-12-20T20:16:34+00:00\",\"dateModified\":\"2020-01-16T13:17:13+00:00\",\"description\":\"Heuer Radsport - Wir setzen Ma\\u00dfst\\u00e4be im Rennsport in Pr\\u00e4zision, Leichtlauf und Qualit\\u00e4t. Und dies mit der Pr\\u00e4misse der Nachhaltigkeit.\",\"breadcrumb\":{\"@id\":\"https:\/\/wheels2rent.de\/unsere-marke-im-radsport\/#breadcrumb\"},\"inLanguage\":\"en-GB\",\"potentialAction\":[{\"@type\":\"ReadAction\",\"target\":[\"https:\/\/wheels2rent.de\/unsere-marke-im-radsport\/\"]}]},{\"@type\":\"BreadcrumbList\",\"@id\":\"https:\/\/wheels2rent.de\/unsere-marke-im-radsport\/#breadcrumb\",\"itemListElement\":[{\"@type\":\"ListItem\",\"position\":1,\"name\":\"Home\",\"item\":\"https:\/\/wheels2rent.de\/\"},{\"@type\":\"ListItem\",\"position\":2,\"name\":\"die Marke HEUER\"}]}]}<\/script>\n<!-- \/ Yoast SEO plugin. -->","yoast_head_json":{"title":"Heuer Radsport - Qualit\u00e4tsprodukte f\u00fcr den Radsport","description":"Heuer Radsport - Wir setzen Ma\u00dfst\u00e4be im Rennsport in Pr\u00e4zision, Leichtlauf und Qualit\u00e4t. Und dies mit der Pr\u00e4misse der Nachhaltigkeit.","robots":{"index":"index","follow":"follow","max-snippet":"max-snippet:-1","max-image-preview":"max-image-preview:large","max-video-preview":"max-video-preview:-1"},"canonical":"https:\/\/wheels2rent.de\/en\/unsere-marke-im-radsport\/","og_locale":"en_GB","og_type":"article","og_title":"Heuer Radsport - Qualit\u00e4tsprodukte f\u00fcr den Radsport","og_description":"Heuer Radsport - Wir setzen Ma\u00dfst\u00e4be im Rennsport in Pr\u00e4zision, Leichtlauf und Qualit\u00e4t. Und dies mit der Pr\u00e4misse der Nachhaltigkeit.","og_url":"https:\/\/wheels2rent.de\/en\/unsere-marke-im-radsport\/","og_site_name":"Wheels2rent","article_publisher":"https:\/\/www.facebook.com\/HeuerRadsport\/","article_modified_time":"2020-01-16T13:17:13+00:00","og_image":[{"width":512,"height":512,"url":"https:\/\/wheels2rent.de\/test\/wp-content\/uploads\/2019\/11\/heuer_Radsport_logo_512.jpg","type":"image\/jpeg"}],"twitter_card":"summary_large_image","twitter_site":"@radsport_heuer","twitter_misc":{"Estimated reading time":"4 minutes"},"schema":{"@context":"https:\/\/schema.org","@graph":[{"@type":"Organization","@id":"https:\/\/wheels2rent.de\/#organization","name":"Heuer Radsport","url":"https:\/\/wheels2rent.de\/","sameAs":["https:\/\/www.facebook.com\/HeuerRadsport\/","https:\/\/www.instagram.com\/radsport_heuer\/","https:\/\/www.youtube.com\/channel\/UCuFkVFhY376_zRGfw_0Oy-Q","https:\/\/twitter.com\/radsport_heuer"],"logo":{"@type":"ImageObject","@id":"https:\/\/wheels2rent.de\/#logo","inLanguage":"en-GB","url":"https:\/\/wheels2rent.de\/test\/wp-content\/uploads\/2019\/01\/logo2.jpg","contentUrl":"https:\/\/wheels2rent.de\/test\/wp-content\/uploads\/2019\/01\/logo2.jpg","width":750,"height":186,"caption":"Heuer Radsport"},"image":{"@id":"https:\/\/wheels2rent.de\/#logo"}},{"@type":"WebSite","@id":"https:\/\/wheels2rent.de\/#website","url":"https:\/\/wheels2rent.de\/","name":"Heuer Radsport","description":"Vollgas! oder einfach: Kette rechts","publisher":{"@id":"https:\/\/wheels2rent.de\/#organization"},"potentialAction":[{"@type":"SearchAction","target":{"@type":"EntryPoint","urlTemplate":"https:\/\/wheels2rent.de\/?s={search_term_string}"},"query-input":"required name=search_term_string"}],"inLanguage":"en-GB"},{"@type":"ImageObject","@id":"https:\/\/wheels2rent.de\/unsere-marke-im-radsport\/#primaryimage","inLanguage":"en-GB","url":"https:\/\/wheels2rent.de\/test\/wp-content\/uploads\/2019\/11\/heuer_Radsport_logo_512.jpg","contentUrl":"https:\/\/wheels2rent.de\/test\/wp-content\/uploads\/2019\/11\/heuer_Radsport_logo_512.jpg","width":512,"height":512,"caption":"HEUER Radsport"},{"@type":"WebPage","@id":"https:\/\/wheels2rent.de\/unsere-marke-im-radsport\/#webpage","url":"https:\/\/wheels2rent.de\/unsere-marke-im-radsport\/","name":"Heuer Radsport - Qualit\u00e4tsprodukte f\u00fcr den Radsport","isPartOf":{"@id":"https:\/\/wheels2rent.de\/#website"},"primaryImageOfPage":{"@id":"https:\/\/wheels2rent.de\/unsere-marke-im-radsport\/#primaryimage"},"datePublished":"2018-12-20T20:16:34+00:00","dateModified":"2020-01-16T13:17:13+00:00","description":"Heuer Radsport - Wir setzen Ma\u00dfst\u00e4be im Rennsport in Pr\u00e4zision, Leichtlauf und Qualit\u00e4t. Und dies mit der Pr\u00e4misse der Nachhaltigkeit.","breadcrumb":{"@id":"https:\/\/wheels2rent.de\/unsere-marke-im-radsport\/#breadcrumb"},"inLanguage":"en-GB","potentialAction":[{"@type":"ReadAction","target":["https:\/\/wheels2rent.de\/unsere-marke-im-radsport\/"]}]},{"@type":"BreadcrumbList","@id":"https:\/\/wheels2rent.de\/unsere-marke-im-radsport\/#breadcrumb","itemListElement":[{"@type":"ListItem","position":1,"name":"Home","item":"https:\/\/wheels2rent.de\/"},{"@type":"ListItem","position":2,"name":"die Marke HEUER"}]}]}},"_links":{"self":[{"href":"https:\/\/wheels2rent.de\/en\/wp-json\/wp\/v2\/pages\/2985"}],"collection":[{"href":"https:\/\/wheels2rent.de\/en\/wp-json\/wp\/v2\/pages"}],"about":[{"href":"https:\/\/wheels2rent.de\/en\/wp-json\/wp\/v2\/types\/page"}],"author":[{"embeddable":true,"href":"https:\/\/wheels2rent.de\/en\/wp-json\/wp\/v2\/users\/3"}],"replies":[{"embeddable":true,"href":"https:\/\/wheels2rent.de\/en\/wp-json\/wp\/v2\/comments?post=2985"}],"version-history":[{"count":33,"href":"https:\/\/wheels2rent.de\/en\/wp-json\/wp\/v2\/pages\/2985\/revisions"}],"predecessor-version":[{"id":5092,"href":"https:\/\/wheels2rent.de\/en\/wp-json\/wp\/v2\/pages\/2985\/revisions\/5092"}],"wp:featuredmedia":[{"embeddable":true,"href":"https:\/\/wheels2rent.de\/en\/wp-json\/wp\/v2\/media\/4484"}],"wp:attachment":[{"href":"https:\/\/wheels2rent.de\/en\/wp-json\/wp\/v2\/media?parent=2985"}],"curies":[{"name":"wp","href":"https:\/\/api.w.org\/{rel}","templated":true}]}}